{"id":117,"date":"2016-09-24T09:35:17","date_gmt":"2016-09-24T07:35:17","guid":{"rendered":"http:\/\/163.172.218.174\/?page_id=117"},"modified":"2023-08-31T11:06:14","modified_gmt":"2023-08-31T09:06:14","slug":"a-propos","status":"publish","type":"page","link":"https:\/\/delphinemarieyoga.com\/index.php\/a-propos\/","title":{"rendered":"A propos"},"content":{"rendered":"\n<div class=\"inherit-container-width is-layout-constrained wp-block-group alignfull ext-py-lg ext-my-0\"><div class=\"wp-block-group__inner-container\">\n<div class=\"inherit-container-width is-layout-constrained wp-block-group alignwide ext-px-base editor:no-inserter tablet:ext--mb-lg bring-to-front\"><div class=\"wp-block-group__inner-container\">\n<h2 class=\"alignwide has-ast-global-color-0-color has-text-color has-ext-x-large-font-size\" id=\"we-re-enabling-people-all-around-the-world-to-create-beautiful-websites-faster-and-easier-than-ever-before\">Le Yoga comme un chemin vers moi m\u00eame<\/h2>\n<\/div><\/div>\n\n\n\n<figure class=\"wp-block-image alignwide size-large tablet:ext-mt-0\"><img fetchpriority=\"high\" decoding=\"async\" width=\"681\" height=\"1024\" src=\"https:\/\/delphinemarieyoga.com\/wp-content\/uploads\/2022\/02\/MagaliSelviPhotographe-76-681x1024.jpg\" alt=\"\" class=\"wp-image-13177\" srcset=\"https:\/\/delphinemarieyoga.com\/wp-content\/uploads\/2022\/02\/MagaliSelviPhotographe-76-681x1024.jpg 681w, https:\/\/delphinemarieyoga.com\/wp-content\/uploads\/2022\/02\/MagaliSelviPhotographe-76-200x300.jpg 200w, https:\/\/delphinemarieyoga.com\/wp-content\/uploads\/2022\/02\/MagaliSelviPhotographe-76-768x1154.jpg 768w, https:\/\/delphinemarieyoga.com\/wp-content\/uploads\/2022\/02\/MagaliSelviPhotographe-76-1022x1536.jpg 1022w, https:\/\/delphinemarieyoga.com\/wp-content\/uploads\/2022\/02\/MagaliSelviPhotographe-76-1363x2048.jpg 1363w, https:\/\/delphinemarieyoga.com\/wp-content\/uploads\/2022\/02\/MagaliSelviPhotographe-76-scaled.jpg 1703w\" sizes=\"(max-width: 681px) 100vw, 681px\" \/><\/figure>\n\n\n\n<p class=\"has-ast-global-color-2-color has-text-color\">Je m&rsquo;appelle Delphine. Marie est mon deuxi\u00e8me pr\u00e9nom. C&rsquo;est comme une \u00e9vidence que j&rsquo;ai choisi de l&rsquo;accoler \u00e0 mon pr\u00e9nom, symbole de mes origines et de mon attachement profond \u00e0 ma grand m\u00e8re maternelle. <\/p>\n\n\n\n<p class=\"has-ast-global-color-2-color has-text-color\">J&rsquo;ai une histoire <strong>tr\u00e8s particuli\u00e8re avec mes deux grand-m\u00e8res<\/strong>. D&rsquo;aussi loin que je me souvienne, je visualise ma grand m\u00e8re paternelle se mettre sur la t\u00eate. Chaque matin, qu&rsquo;il pleuve ou qu&rsquo;il vente, pour rester en pleine sant\u00e9. Des ann\u00e9es plus tard, me voici en possession des s\u00e9quences qu&rsquo;elle avait cr\u00e9\u00e9es pour ses cours, ces petits bonhommes dessin\u00e9s au crayon \u00e0 papier et griffonn\u00e9s dans les coins de ses livres de Yoga. Mon autre grand m\u00e8re \u00e9tait sage femme. <strong>Ou bien plut\u00f4t Femme Sage<\/strong>. C&rsquo;est ainsi que je la vois et la ch\u00e9ris dans mon coeur. Un mod\u00e8le de femme forte et ind\u00e9pendante mettant l&rsquo;amour et les siens au centre de tout.<\/p>\n<\/div><\/div>\n\n\n\n<div class=\"inherit-container-width is-layout-constrained wp-block-group alignfull ext editor:no-inserter has-background ext-my-0 ext-py-lg\"><div class=\"wp-block-group__inner-container\">\n<h2 class=\"alignwide has-text-align-center bring-to-front ext--mb-base ext-leading-none ext-mt-0 has-ast-global-color-0-color has-text-color has-ext-x-large-font-size\" id=\"make-it-happen\">Mon parcours vers le yoga<\/h2>\n\n\n\n<div class=\"is-layout-flex wp-container-6 wp-block-columns alignwide is-not-stacked-on-mobile ext--mt-base ext-mb-0\">\n<div class=\"is-layout-flow wp-block-column is-vertically-aligned-center editor:no-inserter bring-to-front ext--right-lg\" style=\"flex-basis:25%\">\n<figure class=\"wp-block-image size-large editor:no-caption editor:no-resize\"><img decoding=\"async\" width=\"681\" height=\"1024\" src=\"https:\/\/delphinemarieyoga.com\/wp-content\/uploads\/2022\/02\/MagaliSelviPhotographe-60-681x1024.jpg\" alt=\"\" class=\"wp-image-13182\" srcset=\"https:\/\/delphinemarieyoga.com\/wp-content\/uploads\/2022\/02\/MagaliSelviPhotographe-60-681x1024.jpg 681w, https:\/\/delphinemarieyoga.com\/wp-content\/uploads\/2022\/02\/MagaliSelviPhotographe-60-200x300.jpg 200w, https:\/\/delphinemarieyoga.com\/wp-content\/uploads\/2022\/02\/MagaliSelviPhotographe-60-768x1154.jpg 768w, https:\/\/delphinemarieyoga.com\/wp-content\/uploads\/2022\/02\/MagaliSelviPhotographe-60-1022x1536.jpg 1022w, https:\/\/delphinemarieyoga.com\/wp-content\/uploads\/2022\/02\/MagaliSelviPhotographe-60-1363x2048.jpg 1363w, https:\/\/delphinemarieyoga.com\/wp-content\/uploads\/2022\/02\/MagaliSelviPhotographe-60-scaled.jpg 1703w\" sizes=\"(max-width: 681px) 100vw, 681px\" \/><\/figure>\n<\/div>\n\n\n\n<div class=\"is-layout-flow wp-block-column is-vertically-aligned-center m-0 editor:no-inserter ext-m-0\" style=\"flex-basis:50%\">\n<figure class=\"wp-block-image size-large ext-m-0\"><img decoding=\"async\" width=\"681\" height=\"1024\" src=\"https:\/\/delphinemarieyoga.com\/wp-content\/uploads\/2022\/02\/MagaliSelviPhotographe-24-681x1024.jpg\" alt=\"\" class=\"wp-image-13181\" srcset=\"https:\/\/delphinemarieyoga.com\/wp-content\/uploads\/2022\/02\/MagaliSelviPhotographe-24-681x1024.jpg 681w, https:\/\/delphinemarieyoga.com\/wp-content\/uploads\/2022\/02\/MagaliSelviPhotographe-24-200x300.jpg 200w, https:\/\/delphinemarieyoga.com\/wp-content\/uploads\/2022\/02\/MagaliSelviPhotographe-24-768x1154.jpg 768w, https:\/\/delphinemarieyoga.com\/wp-content\/uploads\/2022\/02\/MagaliSelviPhotographe-24-1022x1536.jpg 1022w, https:\/\/delphinemarieyoga.com\/wp-content\/uploads\/2022\/02\/MagaliSelviPhotographe-24-1363x2048.jpg 1363w, https:\/\/delphinemarieyoga.com\/wp-content\/uploads\/2022\/02\/MagaliSelviPhotographe-24-scaled.jpg 1703w\" sizes=\"(max-width: 681px) 100vw, 681px\" \/><\/figure>\n<\/div>\n\n\n\n<div class=\"is-layout-flow wp-block-column is-vertically-aligned-bottom editor:no-inserter bring-to-front ext--left-lg ext-mb-base desktop:ext-p-base ext-ml-0\" style=\"flex-basis:25%\">\n<figure class=\"wp-block-image size-large editor:no-caption editor:no-resize\"><img loading=\"lazy\" decoding=\"async\" width=\"681\" height=\"1024\" src=\"https:\/\/delphinemarieyoga.com\/wp-content\/uploads\/2022\/02\/MagaliSelviPhotographe-113-1-681x1024.jpg\" alt=\"\" class=\"wp-image-13184\" srcset=\"https:\/\/delphinemarieyoga.com\/wp-content\/uploads\/2022\/02\/MagaliSelviPhotographe-113-1-681x1024.jpg 681w, https:\/\/delphinemarieyoga.com\/wp-content\/uploads\/2022\/02\/MagaliSelviPhotographe-113-1-200x300.jpg 200w, https:\/\/delphinemarieyoga.com\/wp-content\/uploads\/2022\/02\/MagaliSelviPhotographe-113-1-768x1154.jpg 768w, https:\/\/delphinemarieyoga.com\/wp-content\/uploads\/2022\/02\/MagaliSelviPhotographe-113-1-1022x1536.jpg 1022w, https:\/\/delphinemarieyoga.com\/wp-content\/uploads\/2022\/02\/MagaliSelviPhotographe-113-1-1363x2048.jpg 1363w, https:\/\/delphinemarieyoga.com\/wp-content\/uploads\/2022\/02\/MagaliSelviPhotographe-113-1-scaled.jpg 1703w\" sizes=\"(max-width: 681px) 100vw, 681px\" \/><\/figure>\n<\/div>\n<\/div>\n<\/div><\/div>\n\n\n\n<p class=\"has-ast-global-color-2-color has-text-color\">Elev\u00e9e avec de grandes attentes, j&rsquo;ai tout naturellement suivi la voie attendue apr\u00e8s un baccalaur\u00e9at scientifique et une pr\u00e9pa HEC. Me voici du haut de mes 21 ans, \u00e9loign\u00e9e de ma famille pour la premi\u00e8re fois, au sein d&rsquo;une grande Ecole de commerce \u00e0 Toulouse, g\u00e9rant le deuil le plus profond de mon existence. Le cours lourd, et cette sensation, d\u00e9j\u00e0, d&rsquo;\u00eatre compl\u00e8tement d\u00e9connect\u00e9e des \u00e9tudiants autour de moi. Dans une tentative de me retrouver, je d\u00e9cide de partir en semestre d&rsquo;\u00e9tudes \u00e0 l&rsquo;\u00e9tranger en Nouvelle Z\u00e9lande et de voyager. <\/p>\n\n\n\n<p class=\"has-ast-global-color-2-color has-text-color\">Ces voyages me relient \u00e0 mon essence profonde. Je me sens si vivante au coeur de cette nature si forte et si puissante.<\/p>\n\n\n\n<p class=\"has-ast-global-color-2-color has-text-color\">Dipl\u00f4me en poche, me voici de retour sur la C\u00f4te d&rsquo;Azur \u00e0 travailler pour de grands groupes h\u00f4teliers, \u00e0 Monaco et \u00e0 Nice. Apr\u00e8s des ann\u00e9es dans ce secteur, je me sens compl\u00e8tement d\u00e9connect\u00e9e de la v\u00e9rit\u00e9. Stress\u00e9e en permanence. Mon dos me fait vivre un enfer. Des douleurs lancinantes. Des kilos en trop et clairement un poids que je n&rsquo;arrive plus \u00e0 supporter. Physiquement comme mentalement.<\/p>\n\n\n\n<p class=\"has-ast-global-color-2-color has-text-color\">C&rsquo;est en 2016 que tout bascule. Un d\u00e9m\u00e9nagement \u00e0 l&rsquo;\u00e9tranger, un situation instable, une perte de rep\u00e8res, des incidents personnels et tout mon monde s&rsquo;\u00e9croule du jour au lendemain. Le Yoga m&rsquo;a litt\u00e9ralement sauv\u00e9e la vie. Il m&rsquo;a tendue la main \u00e0 l&rsquo;une des p\u00e9riodes les plus sombres de mon existence. L\u00e0 en toile de fond depuis mon enfance, pratiqu\u00e9 r\u00e9guli\u00e8rement depuis quelques ann\u00e9es, il devient la bou\u00e9e de sauvetage de mon navire qui coule \u00e0 pic. <\/p>\n\n\n\n<div class=\"inherit-container-width is-layout-constrained wp-block-group alignwide editor:no-inserter ext ext-py-lg ext-my-0\"><div class=\"wp-block-group__inner-container\">\n<div class=\"is-layout-flex wp-container-11 wp-block-columns alignwide desktop:fullwidth-cols ext-my-base\">\n<div class=\"is-layout-flow wp-block-column is-vertically-aligned-center ext-ml-0 ext-mb-0\" style=\"flex-basis:75%\">\n<h2 class=\"ext-mx-0 ext-mt-0 ext-mb-base has-ext-large-font-size\" id=\"our-team-our-mission-our-values\">Trouver l&rsquo;apaisement int\u00e9rieur<\/h2>\n\n\n\n<p class=\"has-ast-global-color-2-color has-text-color\">Je n\u2019ai rien de la professeur de Yoga traditionnelle \u00e9lanc\u00e9e, danseuse ou athl\u00e8te d\u00e8s son plus jeune \u00e2ge. Quand j&rsquo;ai commenc\u00e9 le Yoga, je ne touchais m\u00eame pas mes pieds. En grandissant, j&rsquo;ai toujours eu une relation compliqu\u00e9e avec mon corps. C&rsquo;est encore le cas aujourd&rsquo;hui. <strong>Le Yoga m&rsquo;aide \u00e0 me reconnecter, \u00e0 m&rsquo;accepter telle que je suis, avec mes limitations et mes forces. <\/strong><\/p>\n\n\n\n<p class=\"has-ast-global-color-2-color has-text-color\"><strong>Pratiquer a \u00e9t\u00e9 comme une renaissance, une d\u00e9couverte de moi m\u00eame. <\/strong><\/p>\n\n\n\n<p class=\"has-ast-global-color-2-color has-text-color\">Devenue maman en 2018, <strong>ma pratique a \u00e9volu\u00e9 et continue d&rsquo;\u00e9voluer. Ma pratique m&rsquo;a soutenue durant chacune des phases de ma vie. <\/strong>Elle m&rsquo;a tenue la t\u00eate hors de l&rsquo;eau dans les moments difficiles, reconnect\u00e9e \u00e0 mon corps quand les douleurs \u00e9taient trop vives ou que je ne supportais plus mon image dans le miroir, elle m&rsquo;a donn\u00e9e l&rsquo;ancrage pour continuer \u00e0 avancer et la confiance dans ce que l&rsquo;Univers mettra sur mon chemin.<\/p>\n<\/div>\n\n\n\n<div class=\"is-layout-flow wp-block-column is-vertically-aligned-center editor:no-inserter desktop:mt-0 desktop:ext-mt-0 ext-mt-base\" style=\"flex-basis:25%\">\n<div class=\"is-layout-flex wp-block-buttons editor:no-inserter desktop:ext-justify-end\">\n<div class=\"wp-block-button mb-0\"><a class=\"wp-block-button__link has-ast-global-color-5-color has-ast-global-color-0-background-color has-text-color has-background wp-element-button\" href=\"https:\/\/delphinemarieyoga.com\/index.php\/cours-de-yoga\/courscollectifs-yoga-studioetenligne\/\" target=\"_blank\" rel=\"noreferrer noopener\">DECOUVRE MES COURS<\/a><\/div>\n<\/div>\n<\/div>\n<\/div>\n<\/div><\/div>\n\n\n\n<div class=\"is-layout-flex wp-container-14 wp-block-columns\">\n<div class=\"is-layout-flow wp-block-column\" style=\"flex-basis:100%\"><\/div>\n<\/div>\n\n\n\n<figure class=\"is-layout-flex wp-block-gallery-15 wp-block-gallery has-nested-images columns-default is-cropped\">\n<figure class=\"wp-block-image size-large\"><img loading=\"lazy\" decoding=\"async\" width=\"1024\" height=\"681\" data-id=\"13185\"  src=\"https:\/\/delphinemarieyoga.com\/wp-content\/uploads\/2022\/02\/MagaliSelviPhotographe-51-1024x681.jpg\" alt=\"\" class=\"wp-image-13185\" srcset=\"https:\/\/delphinemarieyoga.com\/wp-content\/uploads\/2022\/02\/MagaliSelviPhotographe-51-1024x681.jpg 1024w, https:\/\/delphinemarieyoga.com\/wp-content\/uploads\/2022\/02\/MagaliSelviPhotographe-51-300x200.jpg 300w, https:\/\/delphinemarieyoga.com\/wp-content\/uploads\/2022\/02\/MagaliSelviPhotographe-51-768x511.jpg 768w, https:\/\/delphinemarieyoga.com\/wp-content\/uploads\/2022\/02\/MagaliSelviPhotographe-51-1536x1022.jpg 1536w, https:\/\/delphinemarieyoga.com\/wp-content\/uploads\/2022\/02\/MagaliSelviPhotographe-51-2048x1363.jpg 2048w\" sizes=\"(max-width: 1024px) 100vw, 1024px\" \/><\/figure>\n<\/figure>\n\n\n\n<div style=\"height:56px\" aria-hidden=\"true\" class=\"wp-block-spacer\"><\/div>\n\n\n\n<h2>D&rsquo;\u00e9l\u00e8ve \u00e0 professeur<\/h2>\n\n\n\n<p class=\"has-ast-global-color-2-color has-text-color\"><strong>Je dis souvent que je n&rsquo;ai pas choisi d&rsquo;enseigner le Yoga. La vie l&rsquo;a choisi pour moi.<\/strong><\/p>\n\n\n\n<p class=\"has-ast-global-color-2-color has-text-color\">Vivant alors \u00e0 Washington D.C. je d\u00e9cide de me former dans l&rsquo;un des studios de Yoga dans lesquels je pratique, aupr\u00e8s de professeurs qui m&rsquo;accompagnent depuis des mois. Cette formation est une r\u00e9v\u00e9lation. Je me souviens de la mani\u00e8re dont je me suis pr\u00e9sent\u00e9e. \u00ab\u00a0<em>Bonjour, je m&rsquo;appelle Delphine, je suis fran\u00e7aise. Je ne suis pas ici pour devenir professeur de Yoga mais pour approfondir ma pratique<\/em>\u00ab\u00a0. L&rsquo;Univers devait bien rire en m&rsquo;\u00e9coutant!<\/p>\n\n\n\n<p class=\"has-ast-global-color-2-color has-text-color\">A la fin de la formation, il nous est demand\u00e9 d&rsquo;enseigner pour un groupe de professeurs. Me voici, la voix tremblante, envahie de frissons et en m\u00eame temps d&rsquo;une chaleur bouillonnante. L&rsquo;adr\u00e9naline que je retrouverai \u00e0 tous mes cours de Yoga par la suite. Pass\u00e9 ce bapt\u00eame du feu, la doyenne du studio vient me voir et me regarde droit dans les yeux. \u00ab\u00a0<em>N&rsquo;arr\u00eate jamais d&rsquo;enseigner. Tu as quelque chose d&rsquo;unique dans la voix qui pourrait faire mettre son pied derri\u00e8re la t\u00eate \u00e0 un b\u00e2ton de bois<\/em>\u00ab\u00a0. Quelques jours plus tard, une proposition de poste arrivait dans ma bo\u00eete email. <\/p>\n\n\n\n<p class=\"has-ast-global-color-2-color has-text-color\"><strong>Depuis, j&rsquo;ai laiss\u00e9 la vie me guider.<\/strong><\/p>\n\n\n\n<p class=\"has-ast-global-color-2-color has-text-color\">De retour en France, je d\u00e9cide de me lancer dans ma ville natale, bien loin des sc\u00e8nes am\u00e9ricaines et des pratiques avanc\u00e9es. J&rsquo;enseigne \u00e0 mes amis, \u00e0 ma famille puis petit \u00e0 petit, je fais mon bonhomme de chemin. <strong>5 ans plus tard, je suis \u00e0 la t\u00eate de ma propre entreprise Delphine Marie Yoga, d&rsquo;une cha\u00eene Youtube aux 100 000 abonn\u00e9s et d&rsquo;un studio en ligne regroupant des centaines de pratiquants<\/strong>. J&rsquo;organise des retraites et des \u00e9v\u00e8nements dans toute la France.<\/p>\n\n\n\n<h3>Mes formations<\/h3>\n\n\n\n<p class=\"has-ast-global-color-2-color has-text-color\">Je me suis d&rsquo;abord form\u00e9e au <strong>Hatha et Vinyasa Yoga<\/strong> car c&rsquo;\u00e9tait ce qui raisonnait en moi. Puis, avec les ann\u00e9es, j&rsquo;ai continu\u00e9 \u00e0 me former. Au <strong>Yoga pr\u00e9 et post natal <\/strong>quand je suis tomb\u00e9e enceinte (l&rsquo;ironie de l&rsquo;histoire veut que je me sois inscrite \u00e0 cette formation avant d&rsquo;apprendre ma grossesse qui \u00e9tait elle m\u00eame une surprise. Univers, univers &lt;3). <strong>Puis au Yin Yoga. <\/strong><\/p>\n\n\n\n<p class=\"has-ast-global-color-2-color has-text-color\">Je continue \u00e0 pratiquer en parall\u00e8le car il n&rsquo;y a, \u00e0 mes yeux, <strong>rien de mieux que l&rsquo;exp\u00e9rience de la vie.<\/strong><\/p>\n\n\n\n<div style=\"height:51px\" aria-hidden=\"true\" class=\"wp-block-spacer\"><\/div>\n\n\n\n<h2 class=\"has-ast-global-color-3-color has-text-color\">3 choses sur moi<\/h2>\n\n\n\n<div class=\"is-layout-flex wp-container-20 wp-block-columns\">\n<div class=\"is-layout-flow wp-block-column\">\n<p>Je suis bilingue fran\u00e7ais \/ anglais et m\u00eame si je ne parle plus anglais au quotidien, je regarde tous mes films et mes s\u00e9ries en VO. Tous mes livres sur le Yoga sont aussi en anglais. <\/p>\n<\/div>\n\n\n\n<div class=\"is-layout-flow wp-block-column\">\n<p>Je suis maman depuis juin 2018. Mon fils s&rsquo;appelle <strong>C\u00e9leste<\/strong>, un petit gar\u00e7on cadeau du ciel venu nous rejoindre par surprise.<\/p>\n<\/div>\n\n\n\n<div class=\"is-layout-flow wp-block-column\">\n<p>J&rsquo;ai v\u00e9cu en Nouvelle Z\u00e9lande et aux Etats-Unis. Voyager et surtout vivre \u00e0 l&rsquo;\u00e9tranger me passionne. Cela fait partie de mon identit\u00e9 et m\u00eame si je voyage aujourd&rsquo;hui diff\u00e9remment et moins pour des raisons \u00e9cologiques, cela fait partie de moi.<\/p>\n<\/div>\n<\/div>\n","protected":false},"excerpt":{"rendered":"<p>Le Yoga comme un chemin vers moi m\u00eame Je m&rsquo;appelle Delphine. Marie est mon deuxi\u00e8me pr\u00e9nom. C&rsquo;est comme une \u00e9vidence que j&rsquo;ai choisi de l&rsquo;accoler \u00e0 mon pr\u00e9nom, symbole de mes origines et de mon attachement profond \u00e0 ma grand m\u00e8re maternelle. J&rsquo;ai une histoire tr\u00e8s particuli\u00e8re avec mes deux grand-m\u00e8res. D&rsquo;aussi loin que je &hellip;<\/p>\n<p class=\"read-more\"> <a class=\"ast-button\" href=\"https:\/\/delphinemarieyoga.com\/index.php\/a-propos\/\"> <span class=\"screen-reader-text\">A propos<\/span> Lire la suite \u00bb<\/a><\/p>\n","protected":false},"author":1,"featured_media":0,"parent":0,"menu_order":4,"comment_status":"closed","ping_status":"closed","template":"","meta":{"_uag_custom_page_level_css":"","site-sidebar-layout":"default","site-content-layout":"default","ast-global-header-display":"","ast-main-header-display":"","ast-hfb-above-header-display":"","ast-hfb-below-header-display":"","ast-hfb-mobile-header-display":"","site-post-title":"","ast-breadcrumbs-content":"","ast-featured-img":"","footer-sml-layout":"","theme-transparent-header-meta":"","adv-header-id-meta":"","stick-header-meta":"","header-above-stick-meta":"","header-main-stick-meta":"","header-below-stick-meta":""},"yoast_head":"<!-- This site is optimized with the Yoast SEO plugin v19.10 - https:\/\/yoast.com\/wordpress\/plugins\/seo\/ -->\n<title>A propos - La Yoga Tribe<\/title>\n<meta name=\"description\" content=\"Le parcours de Delphine Marie Yoga: son arriv\u00e9e au yoga, ses origines, ses formations. L&#039;histoire d&#039;une vie et d&#039;un chemin de reconnexion\" \/>\n<meta name=\"robots\" content=\"index, follow, max-snippet:-1, max-image-preview:large, max-video-preview:-1\" \/>\n<link rel=\"canonical\" href=\"https:\/\/delphinemarieyoga.com\/index.php\/accueil__trashed\/a-propos\/\" \/>\n<meta property=\"og:locale\" content=\"fr_FR\" \/>\n<meta property=\"og:type\" content=\"article\" \/>\n<meta property=\"og:title\" content=\"A propos - La Yoga Tribe\" \/>\n<meta property=\"og:description\" content=\"Le parcours de Delphine Marie Yoga: son arriv\u00e9e au yoga, ses origines, ses formations. L&#039;histoire d&#039;une vie et d&#039;un chemin de reconnexion\" \/>\n<meta property=\"og:url\" content=\"https:\/\/delphinemarieyoga.com\/index.php\/accueil__trashed\/a-propos\/\" \/>\n<meta property=\"og:site_name\" content=\"La Yoga Tribe\" \/>\n<meta property=\"article:publisher\" content=\"https:\/\/www.facebook.com\/delphinemarieyoga\/\" \/>\n<meta property=\"article:modified_time\" content=\"2023-08-31T09:06:14+00:00\" \/>\n<meta property=\"og:image\" content=\"https:\/\/delphinemarieyoga.com\/wp-content\/uploads\/2022\/02\/MagaliSelviPhotographe-76-681x1024.jpg\" \/>\n<meta name=\"twitter:card\" content=\"summary_large_image\" \/>\n<meta name=\"twitter:label1\" content=\"Dur\u00e9e de lecture estim\u00e9e\" \/>\n\t<meta name=\"twitter:data1\" content=\"7 minutes\" \/>\n<script type=\"application\/ld+json\" class=\"yoast-schema-graph\">{\"@context\":\"https:\/\/schema.org\",\"@graph\":[{\"@type\":\"WebPage\",\"@id\":\"https:\/\/delphinemarieyoga.com\/index.php\/accueil__trashed\/a-propos\/\",\"url\":\"https:\/\/delphinemarieyoga.com\/index.php\/accueil__trashed\/a-propos\/\",\"name\":\"A propos - La Yoga Tribe\",\"isPartOf\":{\"@id\":\"https:\/\/delphinemarieyoga.com\/#website\"},\"datePublished\":\"2016-09-24T07:35:17+00:00\",\"dateModified\":\"2023-08-31T09:06:14+00:00\",\"description\":\"Le parcours de Delphine Marie Yoga: son arriv\u00e9e au yoga, ses origines, ses formations. L'histoire d'une vie et d'un chemin de reconnexion\",\"breadcrumb\":{\"@id\":\"https:\/\/delphinemarieyoga.com\/index.php\/accueil__trashed\/a-propos\/#breadcrumb\"},\"inLanguage\":\"fr-FR\",\"potentialAction\":[{\"@type\":\"ReadAction\",\"target\":[\"https:\/\/delphinemarieyoga.com\/index.php\/accueil__trashed\/a-propos\/\"]}]},{\"@type\":\"BreadcrumbList\",\"@id\":\"https:\/\/delphinemarieyoga.com\/index.php\/accueil__trashed\/a-propos\/#breadcrumb\",\"itemListElement\":[{\"@type\":\"ListItem\",\"position\":1,\"name\":\"Accueil\",\"item\":\"https:\/\/delphinemarieyoga.com\/\"},{\"@type\":\"ListItem\",\"position\":2,\"name\":\"A propos\"}]},{\"@type\":\"WebSite\",\"@id\":\"https:\/\/delphinemarieyoga.com\/#website\",\"url\":\"https:\/\/delphinemarieyoga.com\/\",\"name\":\"La Yoga Tribe\",\"description\":\"Blog &amp; vid\u00e9os yoga\",\"publisher\":{\"@id\":\"https:\/\/delphinemarieyoga.com\/#organization\"},\"potentialAction\":[{\"@type\":\"SearchAction\",\"target\":{\"@type\":\"EntryPoint\",\"urlTemplate\":\"https:\/\/delphinemarieyoga.com\/?s={search_term_string}\"},\"query-input\":\"required name=search_term_string\"}],\"inLanguage\":\"fr-FR\"},{\"@type\":\"Organization\",\"@id\":\"https:\/\/delphinemarieyoga.com\/#organization\",\"name\":\"Chronique d'une yogi: blog yoga, vid\u00e9os en ligne et cours sur Nice\",\"url\":\"https:\/\/delphinemarieyoga.com\/\",\"logo\":{\"@type\":\"ImageObject\",\"inLanguage\":\"fr-FR\",\"@id\":\"https:\/\/delphinemarieyoga.com\/#\/schema\/logo\/image\/\",\"url\":\"https:\/\/delphinemarieyoga.com\/wp-content\/uploads\/2018\/01\/Sans-titre.png\",\"contentUrl\":\"https:\/\/delphinemarieyoga.com\/wp-content\/uploads\/2018\/01\/Sans-titre.png\",\"width\":728,\"height\":90,\"caption\":\"Chronique d'une yogi: blog yoga, vid\u00e9os en ligne et cours sur Nice\"},\"image\":{\"@id\":\"https:\/\/delphinemarieyoga.com\/#\/schema\/logo\/image\/\"},\"sameAs\":[\"https:\/\/www.instagram.com\/delphinemarieyoga\/\",\"https:\/\/www.linkedin.com\/in\/marquetdelphine\/\",\"https:\/\/www.youtube.com\/channel\/UC14d6dzG1eiQ7DiQNKCaeMA\",\"https:\/\/www.facebook.com\/delphinemarieyoga\/\"]}]}<\/script>\n<!-- \/ Yoast SEO plugin. -->","yoast_head_json":{"title":"A propos - La Yoga Tribe","description":"Le parcours de Delphine Marie Yoga: son arriv\u00e9e au yoga, ses origines, ses formations. L'histoire d'une vie et d'un chemin de reconnexion","robots":{"index":"index","follow":"follow","max-snippet":"max-snippet:-1","max-image-preview":"max-image-preview:large","max-video-preview":"max-video-preview:-1"},"canonical":"https:\/\/delphinemarieyoga.com\/index.php\/accueil__trashed\/a-propos\/","og_locale":"fr_FR","og_type":"article","og_title":"A propos - La Yoga Tribe","og_description":"Le parcours de Delphine Marie Yoga: son arriv\u00e9e au yoga, ses origines, ses formations. L'histoire d'une vie et d'un chemin de reconnexion","og_url":"https:\/\/delphinemarieyoga.com\/index.php\/accueil__trashed\/a-propos\/","og_site_name":"La Yoga Tribe","article_publisher":"https:\/\/www.facebook.com\/delphinemarieyoga\/","article_modified_time":"2023-08-31T09:06:14+00:00","og_image":[{"url":"https:\/\/delphinemarieyoga.com\/wp-content\/uploads\/2022\/02\/MagaliSelviPhotographe-76-681x1024.jpg"}],"twitter_card":"summary_large_image","twitter_misc":{"Dur\u00e9e de lecture estim\u00e9e":"7 minutes"},"schema":{"@context":"https:\/\/schema.org","@graph":[{"@type":"WebPage","@id":"https:\/\/delphinemarieyoga.com\/index.php\/accueil__trashed\/a-propos\/","url":"https:\/\/delphinemarieyoga.com\/index.php\/accueil__trashed\/a-propos\/","name":"A propos - La Yoga Tribe","isPartOf":{"@id":"https:\/\/delphinemarieyoga.com\/#website"},"datePublished":"2016-09-24T07:35:17+00:00","dateModified":"2023-08-31T09:06:14+00:00","description":"Le parcours de Delphine Marie Yoga: son arriv\u00e9e au yoga, ses origines, ses formations. L'histoire d'une vie et d'un chemin de reconnexion","breadcrumb":{"@id":"https:\/\/delphinemarieyoga.com\/index.php\/accueil__trashed\/a-propos\/#breadcrumb"},"inLanguage":"fr-FR","potentialAction":[{"@type":"ReadAction","target":["https:\/\/delphinemarieyoga.com\/index.php\/accueil__trashed\/a-propos\/"]}]},{"@type":"BreadcrumbList","@id":"https:\/\/delphinemarieyoga.com\/index.php\/accueil__trashed\/a-propos\/#breadcrumb","itemListElement":[{"@type":"ListItem","position":1,"name":"Accueil","item":"https:\/\/delphinemarieyoga.com\/"},{"@type":"ListItem","position":2,"name":"A propos"}]},{"@type":"WebSite","@id":"https:\/\/delphinemarieyoga.com\/#website","url":"https:\/\/delphinemarieyoga.com\/","name":"La Yoga Tribe","description":"Blog &amp; vid\u00e9os yoga","publisher":{"@id":"https:\/\/delphinemarieyoga.com\/#organization"},"potentialAction":[{"@type":"SearchAction","target":{"@type":"EntryPoint","urlTemplate":"https:\/\/delphinemarieyoga.com\/?s={search_term_string}"},"query-input":"required name=search_term_string"}],"inLanguage":"fr-FR"},{"@type":"Organization","@id":"https:\/\/delphinemarieyoga.com\/#organization","name":"Chronique d'une yogi: blog yoga, vid\u00e9os en ligne et cours sur Nice","url":"https:\/\/delphinemarieyoga.com\/","logo":{"@type":"ImageObject","inLanguage":"fr-FR","@id":"https:\/\/delphinemarieyoga.com\/#\/schema\/logo\/image\/","url":"https:\/\/delphinemarieyoga.com\/wp-content\/uploads\/2018\/01\/Sans-titre.png","contentUrl":"https:\/\/delphinemarieyoga.com\/wp-content\/uploads\/2018\/01\/Sans-titre.png","width":728,"height":90,"caption":"Chronique d'une yogi: blog yoga, vid\u00e9os en ligne et cours sur Nice"},"image":{"@id":"https:\/\/delphinemarieyoga.com\/#\/schema\/logo\/image\/"},"sameAs":["https:\/\/www.instagram.com\/delphinemarieyoga\/","https:\/\/www.linkedin.com\/in\/marquetdelphine\/","https:\/\/www.youtube.com\/channel\/UC14d6dzG1eiQ7DiQNKCaeMA","https:\/\/www.facebook.com\/delphinemarieyoga\/"]}]}},"uagb_featured_image_src":{"full":false,"thumbnail":false,"medium":false,"medium_large":false,"large":false,"1536x1536":false,"2048x2048":false,"woocommerce_thumbnail":false,"woocommerce_single":false,"woocommerce_gallery_thumbnail":false},"uagb_author_info":{"display_name":"Delphine","author_link":"https:\/\/delphinemarieyoga.com\/index.php\/author\/delphine\/"},"uagb_comment_info":0,"uagb_excerpt":"Le Yoga comme un chemin vers moi m\u00eame Je m&rsquo;appelle Delphine. Marie est mon deuxi\u00e8me pr\u00e9nom. C&rsquo;est comme une \u00e9vidence que j&rsquo;ai choisi de l&rsquo;accoler \u00e0 mon pr\u00e9nom, symbole de mes origines et de mon attachement profond \u00e0 ma grand m\u00e8re maternelle. J&rsquo;ai une histoire tr\u00e8s particuli\u00e8re avec mes deux grand-m\u00e8res. D&rsquo;aussi loin que je\u2026","_links":{"self":[{"href":"https:\/\/delphinemarieyoga.com\/index.php\/wp-json\/wp\/v2\/pages\/117"}],"collection":[{"href":"https:\/\/delphinemarieyoga.com\/index.php\/wp-json\/wp\/v2\/pages"}],"about":[{"href":"https:\/\/delphinemarieyoga.com\/index.php\/wp-json\/wp\/v2\/types\/page"}],"author":[{"embeddable":true,"href":"https:\/\/delphinemarieyoga.com\/index.php\/wp-json\/wp\/v2\/users\/1"}],"replies":[{"embeddable":true,"href":"https:\/\/delphinemarieyoga.com\/index.php\/wp-json\/wp\/v2\/comments?post=117"}],"version-history":[{"count":26,"href":"https:\/\/delphinemarieyoga.com\/index.php\/wp-json\/wp\/v2\/pages\/117\/revisions"}],"predecessor-version":[{"id":23803,"href":"https:\/\/delphinemarieyoga.com\/index.php\/wp-json\/wp\/v2\/pages\/117\/revisions\/23803"}],"wp:attachment":[{"href":"https:\/\/delphinemarieyoga.com\/index.php\/wp-json\/wp\/v2\/media?parent=117"}],"curies":[{"name":"wp","href":"https:\/\/api.w.org\/{rel}","templated":true}]}}